{"id":4815,"date":"2025-11-10T12:07:46","date_gmt":"2025-11-10T11:07:46","guid":{"rendered":"https:\/\/tuccinmobiliaria.com\/?post_type=propiedad&#038;p=4815"},"modified":"2026-03-20T11:41:34","modified_gmt":"2026-03-20T10:41:34","slug":"apartamento-vacacional-en-playa-muchavista-el-campello","status":"publish","type":"propiedad","link":"https:\/\/tuccinmobiliaria.com\/en\/propiedad\/apartamento-vacacional-en-playa-muchavista-el-campello\/","title":{"rendered":"Apartamento Vacacional en Playa Muchavista El Campello"},"content":{"rendered":"<p><strong>Tuccinmobiliaria<\/strong> presenta en exclusiva este espectacular apartamento en primera l\u00ednea de playa.<\/p>\n<p>Con vistas maravillosas al mar Mediterr\u00e1neo, este espacio es ideal para quienes buscan disfrutar de la tranquilidad y belleza del entorno. La propiedad cuenta con un amplio sal\u00f3n que se ilumina con la luz natural y una cocina americana perfectamente equipada.<\/p>\n<p>Los dos dormitorios son espaciosos y cuentan con armarios empotrados, ofreciendo el confort necesario para tu d\u00eda a d\u00eda. El ba\u00f1o ha sido completamente reformado, brindando un toque moderno y funcional. La urbanizaci\u00f3n destaca por sus jardines naturales y una amplia piscina donde podr\u00e1s relajarte y disfrutar del sol. Adem\u00e1s, tienes acceso directo a la playa de rocas, perfecta para disfrutar de d\u00edas de verano.<\/p>\n<p>La ubicaci\u00f3n es inmejorable: con una parada de autob\u00fas justo delante y la parada de TRAM a solo 5 minutos a pie, moverte por la ciudad ser\u00e1 muy sencillo. En las cercan\u00edas, encontrar\u00e1s una gran variedad de restaurantes y supermercados, as\u00ed como centros de emergencia para mayor tranquilidad. Este apartamento es ideal tanto para vivir todo el a\u00f1o como para escapadas vacacionales.<\/p>\n<p>No te pierdas la oportunidad de disfrutar este maravilloso piso de 78 m\u00b2, que incluye plaza de parking y est\u00e1 adaptado para personas con movilidad reducida. Con calefacci\u00f3n, aire acondicionado y orientaci\u00f3n este, este hogar es perfecto para disfrutar de cada rinc\u00f3n.<\/p>\n<p>CONSULTAR PRECIO Y DISPONIBILIDAD<\/p>\n","protected":false},"author":3,"featured_media":4850,"template":"","ciudades":[22,121],"caracteristicas":[25,49,61,53,46,128,34,57,28],"zonas":[131,21],"tipo-propiedad":[9],"class_list":["post-4815","propiedad","type-propiedad","status-publish","has-post-thumbnail","hentry","ciudades-el-campello","ciudades-playa-muchavista","caracteristicas-aire-acondicionado","caracteristicas-armarios-empotrados","caracteristicas-cocina-equipada","caracteristicas-jardin","caracteristicas-parking","caracteristicas-piscina-comunitaria","caracteristicas-primera-linea","caracteristicas-terraza","caracteristicas-vistas-al-mar","zonas-playa-el-campello","zonas-playa-muchavista","tipo-propiedad-apartamento"],"yoast_head":"<!-- This site is optimized with the Yoast SEO plugin v27.5 - https:\/\/yoast.com\/product\/yoast-seo-wordpress\/ -->\n<title>Apartamento Vacacional en Playa Muchavista El Campello - TuccInmobiliaria<\/title>\n<meta name=\"description\" content=\"apartamento primera linea playa muchavista amplio sal\u00f3n cocina office,dos dormitorios , vistas impresionantes piscina y parking\" \/>\n<meta name=\"robots\" content=\"index, follow, max-snippet:-1, max-image-preview:large, max-video-preview:-1\" \/>\n<link rel=\"canonical\" href=\"https:\/\/tuccinmobiliaria.com\/en\/propiedad\/apartamento-vacacional-en-playa-muchavista-el-campello\/\" \/>\n<meta property=\"og:locale\" content=\"en_US\" \/>\n<meta property=\"og:type\" content=\"article\" \/>\n<meta property=\"og:title\" content=\"Apartamento Vacacional en Playa Muchavista El Campello - TuccInmobiliaria\" \/>\n<meta property=\"og:description\" content=\"apartamento primera linea playa muchavista amplio sal\u00f3n cocina office,dos dormitorios , vistas impresionantes piscina y parking\" \/>\n<meta property=\"og:url\" content=\"https:\/\/tuccinmobiliaria.com\/en\/propiedad\/apartamento-vacacional-en-playa-muchavista-el-campello\/\" \/>\n<meta property=\"og:site_name\" content=\"TuccInmobiliaria\" \/>\n<meta property=\"article:publisher\" content=\"https:\/\/www.facebook.com\/isa.jaime.90\" \/>\n<meta property=\"article:modified_time\" content=\"2026-03-20T10:41:34+00:00\" \/>\n<meta property=\"og:image\" content=\"https:\/\/tuccinmobiliaria.com\/wp-content\/uploads\/2025\/11\/vistas-balcon2.jpg\" \/>\n\t<meta property=\"og:image:width\" content=\"833\" \/>\n\t<meta property=\"og:image:height\" content=\"625\" \/>\n\t<meta property=\"og:image:type\" content=\"image\/jpeg\" \/>\n<meta name=\"twitter:card\" content=\"summary_large_image\" \/>\n<meta name=\"twitter:site\" content=\"@CaboAzulPlaya\" \/>\n<meta name=\"twitter:label1\" content=\"Est. reading time\" \/>\n\t<meta name=\"twitter:data1\" content=\"2 minutes\" \/>\n<script type=\"application\/ld+json\" class=\"yoast-schema-graph\">{\"@context\":\"https:\\\/\\\/schema.org\",\"@graph\":[{\"@type\":\"WebPage\",\"@id\":\"https:\\\/\\\/tuccinmobiliaria.com\\\/en\\\/propiedad\\\/apartamento-vacacional-en-playa-muchavista-el-campello\\\/\",\"url\":\"https:\\\/\\\/tuccinmobiliaria.com\\\/en\\\/propiedad\\\/apartamento-vacacional-en-playa-muchavista-el-campello\\\/\",\"name\":\"Apartamento Vacacional en Playa Muchavista El Campello - TuccInmobiliaria\",\"isPartOf\":{\"@id\":\"https:\\\/\\\/tuccinmobiliaria.com\\\/en\\\/#website\"},\"primaryImageOfPage\":{\"@id\":\"https:\\\/\\\/tuccinmobiliaria.com\\\/en\\\/propiedad\\\/apartamento-vacacional-en-playa-muchavista-el-campello\\\/#primaryimage\"},\"image\":{\"@id\":\"https:\\\/\\\/tuccinmobiliaria.com\\\/en\\\/propiedad\\\/apartamento-vacacional-en-playa-muchavista-el-campello\\\/#primaryimage\"},\"thumbnailUrl\":\"https:\\\/\\\/tuccinmobiliaria.com\\\/wp-content\\\/uploads\\\/2025\\\/11\\\/vistas-balcon2.jpg\",\"datePublished\":\"2025-11-10T11:07:46+00:00\",\"dateModified\":\"2026-03-20T10:41:34+00:00\",\"description\":\"apartamento primera linea playa muchavista amplio sal\u00f3n cocina office,dos dormitorios , vistas impresionantes piscina y parking\",\"breadcrumb\":{\"@id\":\"https:\\\/\\\/tuccinmobiliaria.com\\\/en\\\/propiedad\\\/apartamento-vacacional-en-playa-muchavista-el-campello\\\/#breadcrumb\"},\"inLanguage\":\"en-US\",\"potentialAction\":[{\"@type\":\"ReadAction\",\"target\":[\"https:\\\/\\\/tuccinmobiliaria.com\\\/en\\\/propiedad\\\/apartamento-vacacional-en-playa-muchavista-el-campello\\\/\"]}]},{\"@type\":\"ImageObject\",\"inLanguage\":\"en-US\",\"@id\":\"https:\\\/\\\/tuccinmobiliaria.com\\\/en\\\/propiedad\\\/apartamento-vacacional-en-playa-muchavista-el-campello\\\/#primaryimage\",\"url\":\"https:\\\/\\\/tuccinmobiliaria.com\\\/wp-content\\\/uploads\\\/2025\\\/11\\\/vistas-balcon2.jpg\",\"contentUrl\":\"https:\\\/\\\/tuccinmobiliaria.com\\\/wp-content\\\/uploads\\\/2025\\\/11\\\/vistas-balcon2.jpg\",\"width\":833,\"height\":625},{\"@type\":\"BreadcrumbList\",\"@id\":\"https:\\\/\\\/tuccinmobiliaria.com\\\/en\\\/propiedad\\\/apartamento-vacacional-en-playa-muchavista-el-campello\\\/#breadcrumb\",\"itemListElement\":[{\"@type\":\"ListItem\",\"position\":1,\"name\":\"Portada\",\"item\":\"https:\\\/\\\/tuccinmobiliaria.com\\\/en\\\/\"},{\"@type\":\"ListItem\",\"position\":2,\"name\":\"Propiedades\",\"item\":\"https:\\\/\\\/tuccinmobiliaria.com\\\/en\\\/propiedad\\\/\"},{\"@type\":\"ListItem\",\"position\":3,\"name\":\"Apartamento Vacacional en Playa Muchavista El Campello\"}]},{\"@type\":\"WebSite\",\"@id\":\"https:\\\/\\\/tuccinmobiliaria.com\\\/en\\\/#website\",\"url\":\"https:\\\/\\\/tuccinmobiliaria.com\\\/en\\\/\",\"name\":\"TuccInmobiliaria\",\"description\":\"\",\"publisher\":{\"@id\":\"https:\\\/\\\/tuccinmobiliaria.com\\\/en\\\/#organization\"},\"potentialAction\":[{\"@type\":\"SearchAction\",\"target\":{\"@type\":\"EntryPoint\",\"urlTemplate\":\"https:\\\/\\\/tuccinmobiliaria.com\\\/en\\\/?s={search_term_string}\"},\"query-input\":{\"@type\":\"PropertyValueSpecification\",\"valueRequired\":true,\"valueName\":\"search_term_string\"}}],\"inLanguage\":\"en-US\"},{\"@type\":\"Organization\",\"@id\":\"https:\\\/\\\/tuccinmobiliaria.com\\\/en\\\/#organization\",\"name\":\"TuccInmobiliaria\",\"url\":\"https:\\\/\\\/tuccinmobiliaria.com\\\/en\\\/\",\"logo\":{\"@type\":\"ImageObject\",\"inLanguage\":\"en-US\",\"@id\":\"https:\\\/\\\/tuccinmobiliaria.com\\\/en\\\/#\\\/schema\\\/logo\\\/image\\\/\",\"url\":\"https:\\\/\\\/tuccinmobiliaria.com\\\/wp-content\\\/uploads\\\/2023\\\/05\\\/Logotipo_IsabelGranadino_sinfondo.svg\",\"contentUrl\":\"https:\\\/\\\/tuccinmobiliaria.com\\\/wp-content\\\/uploads\\\/2023\\\/05\\\/Logotipo_IsabelGranadino_sinfondo.svg\",\"width\":455,\"height\":329,\"caption\":\"TuccInmobiliaria\"},\"image\":{\"@id\":\"https:\\\/\\\/tuccinmobiliaria.com\\\/en\\\/#\\\/schema\\\/logo\\\/image\\\/\"},\"sameAs\":[\"https:\\\/\\\/www.facebook.com\\\/isa.jaime.90\",\"https:\\\/\\\/x.com\\\/CaboAzulPlaya\",\"https:\\\/\\\/www.instagram.com\\\/cabo_azul\\\/\"]}]}<\/script>\n<!-- \/ Yoast SEO plugin. -->","yoast_head_json":{"title":"Apartamento Vacacional en Playa Muchavista El Campello - TuccInmobiliaria","description":"apartamento primera linea playa muchavista amplio sal\u00f3n cocina office,dos dormitorios , vistas impresionantes piscina y parking","robots":{"index":"index","follow":"follow","max-snippet":"max-snippet:-1","max-image-preview":"max-image-preview:large","max-video-preview":"max-video-preview:-1"},"canonical":"https:\/\/tuccinmobiliaria.com\/en\/propiedad\/apartamento-vacacional-en-playa-muchavista-el-campello\/","og_locale":"en_US","og_type":"article","og_title":"Apartamento Vacacional en Playa Muchavista El Campello - TuccInmobiliaria","og_description":"apartamento primera linea playa muchavista amplio sal\u00f3n cocina office,dos dormitorios , vistas impresionantes piscina y parking","og_url":"https:\/\/tuccinmobiliaria.com\/en\/propiedad\/apartamento-vacacional-en-playa-muchavista-el-campello\/","og_site_name":"TuccInmobiliaria","article_publisher":"https:\/\/www.facebook.com\/isa.jaime.90","article_modified_time":"2026-03-20T10:41:34+00:00","og_image":[{"width":833,"height":625,"url":"https:\/\/tuccinmobiliaria.com\/wp-content\/uploads\/2025\/11\/vistas-balcon2.jpg","type":"image\/jpeg"}],"twitter_card":"summary_large_image","twitter_site":"@CaboAzulPlaya","twitter_misc":{"Est. reading time":"2 minutes"},"schema":{"@context":"https:\/\/schema.org","@graph":[{"@type":"WebPage","@id":"https:\/\/tuccinmobiliaria.com\/en\/propiedad\/apartamento-vacacional-en-playa-muchavista-el-campello\/","url":"https:\/\/tuccinmobiliaria.com\/en\/propiedad\/apartamento-vacacional-en-playa-muchavista-el-campello\/","name":"Apartamento Vacacional en Playa Muchavista El Campello - TuccInmobiliaria","isPartOf":{"@id":"https:\/\/tuccinmobiliaria.com\/en\/#website"},"primaryImageOfPage":{"@id":"https:\/\/tuccinmobiliaria.com\/en\/propiedad\/apartamento-vacacional-en-playa-muchavista-el-campello\/#primaryimage"},"image":{"@id":"https:\/\/tuccinmobiliaria.com\/en\/propiedad\/apartamento-vacacional-en-playa-muchavista-el-campello\/#primaryimage"},"thumbnailUrl":"https:\/\/tuccinmobiliaria.com\/wp-content\/uploads\/2025\/11\/vistas-balcon2.jpg","datePublished":"2025-11-10T11:07:46+00:00","dateModified":"2026-03-20T10:41:34+00:00","description":"apartamento primera linea playa muchavista amplio sal\u00f3n cocina office,dos dormitorios , vistas impresionantes piscina y parking","breadcrumb":{"@id":"https:\/\/tuccinmobiliaria.com\/en\/propiedad\/apartamento-vacacional-en-playa-muchavista-el-campello\/#breadcrumb"},"inLanguage":"en-US","potentialAction":[{"@type":"ReadAction","target":["https:\/\/tuccinmobiliaria.com\/en\/propiedad\/apartamento-vacacional-en-playa-muchavista-el-campello\/"]}]},{"@type":"ImageObject","inLanguage":"en-US","@id":"https:\/\/tuccinmobiliaria.com\/en\/propiedad\/apartamento-vacacional-en-playa-muchavista-el-campello\/#primaryimage","url":"https:\/\/tuccinmobiliaria.com\/wp-content\/uploads\/2025\/11\/vistas-balcon2.jpg","contentUrl":"https:\/\/tuccinmobiliaria.com\/wp-content\/uploads\/2025\/11\/vistas-balcon2.jpg","width":833,"height":625},{"@type":"BreadcrumbList","@id":"https:\/\/tuccinmobiliaria.com\/en\/propiedad\/apartamento-vacacional-en-playa-muchavista-el-campello\/#breadcrumb","itemListElement":[{"@type":"ListItem","position":1,"name":"Portada","item":"https:\/\/tuccinmobiliaria.com\/en\/"},{"@type":"ListItem","position":2,"name":"Propiedades","item":"https:\/\/tuccinmobiliaria.com\/en\/propiedad\/"},{"@type":"ListItem","position":3,"name":"Apartamento Vacacional en Playa Muchavista El Campello"}]},{"@type":"WebSite","@id":"https:\/\/tuccinmobiliaria.com\/en\/#website","url":"https:\/\/tuccinmobiliaria.com\/en\/","name":"TuccInmobiliaria","description":"","publisher":{"@id":"https:\/\/tuccinmobiliaria.com\/en\/#organization"},"potentialAction":[{"@type":"SearchAction","target":{"@type":"EntryPoint","urlTemplate":"https:\/\/tuccinmobiliaria.com\/en\/?s={search_term_string}"},"query-input":{"@type":"PropertyValueSpecification","valueRequired":true,"valueName":"search_term_string"}}],"inLanguage":"en-US"},{"@type":"Organization","@id":"https:\/\/tuccinmobiliaria.com\/en\/#organization","name":"TuccInmobiliaria","url":"https:\/\/tuccinmobiliaria.com\/en\/","logo":{"@type":"ImageObject","inLanguage":"en-US","@id":"https:\/\/tuccinmobiliaria.com\/en\/#\/schema\/logo\/image\/","url":"https:\/\/tuccinmobiliaria.com\/wp-content\/uploads\/2023\/05\/Logotipo_IsabelGranadino_sinfondo.svg","contentUrl":"https:\/\/tuccinmobiliaria.com\/wp-content\/uploads\/2023\/05\/Logotipo_IsabelGranadino_sinfondo.svg","width":455,"height":329,"caption":"TuccInmobiliaria"},"image":{"@id":"https:\/\/tuccinmobiliaria.com\/en\/#\/schema\/logo\/image\/"},"sameAs":["https:\/\/www.facebook.com\/isa.jaime.90","https:\/\/x.com\/CaboAzulPlaya","https:\/\/www.instagram.com\/cabo_azul\/"]}]}},"_links":{"self":[{"href":"https:\/\/tuccinmobiliaria.com\/en\/wp-json\/wp\/v2\/propiedad\/4815","targetHints":{"allow":["GET"]}}],"collection":[{"href":"https:\/\/tuccinmobiliaria.com\/en\/wp-json\/wp\/v2\/propiedad"}],"about":[{"href":"https:\/\/tuccinmobiliaria.com\/en\/wp-json\/wp\/v2\/types\/propiedad"}],"author":[{"embeddable":true,"href":"https:\/\/tuccinmobiliaria.com\/en\/wp-json\/wp\/v2\/users\/3"}],"version-history":[{"count":3,"href":"https:\/\/tuccinmobiliaria.com\/en\/wp-json\/wp\/v2\/propiedad\/4815\/revisions"}],"predecessor-version":[{"id":4947,"href":"https:\/\/tuccinmobiliaria.com\/en\/wp-json\/wp\/v2\/propiedad\/4815\/revisions\/4947"}],"wp:featuredmedia":[{"embeddable":true,"href":"https:\/\/tuccinmobiliaria.com\/en\/wp-json\/wp\/v2\/media\/4850"}],"wp:attachment":[{"href":"https:\/\/tuccinmobiliaria.com\/en\/wp-json\/wp\/v2\/media?parent=4815"}],"wp:term":[{"taxonomy":"ciudades","embeddable":true,"href":"https:\/\/tuccinmobiliaria.com\/en\/wp-json\/wp\/v2\/ciudades?post=4815"},{"taxonomy":"caracteristicas","embeddable":true,"href":"https:\/\/tuccinmobiliaria.com\/en\/wp-json\/wp\/v2\/caracteristicas?post=4815"},{"taxonomy":"zonas","embeddable":true,"href":"https:\/\/tuccinmobiliaria.com\/en\/wp-json\/wp\/v2\/zonas?post=4815"},{"taxonomy":"tipo-propiedad","embeddable":true,"href":"https:\/\/tuccinmobiliaria.com\/en\/wp-json\/wp\/v2\/tipo-propiedad?post=4815"}],"curies":[{"name":"wp","href":"https:\/\/api.w.org\/{rel}","templated":true}]}}