{"id":4324,"date":"2025-02-05T11:52:23","date_gmt":"2025-02-05T10:52:23","guid":{"rendered":"https:\/\/tuccinmobiliaria.com\/?post_type=propiedad&#038;p=4324"},"modified":"2025-02-13T11:52:05","modified_gmt":"2025-02-13T10:52:05","slug":"un-oasis-frente-al-mar-de-campello","status":"publish","type":"propiedad","link":"https:\/\/tuccinmobiliaria.com\/en\/propiedad\/un-oasis-frente-al-mar-de-campello\/","title":{"rendered":"Un Oasis frente al mar de Campello"},"content":{"rendered":"<p>Tuccinmobiliaria tiene el placer de ofrecerles en exclusiva.<\/p>\n<p> Este impresionante apartamento en primera l\u00ednea de playa te ofrece un estilo de vida inigualable.<br \/>\nUbicado en una urbanizaci\u00f3n que cuenta con piscina comunitaria, zonas verdes y un \u00e1rea de juegos para ni\u00f1os, es el lugar perfecto para disfrutar de momentos inolvidables.<br \/>\n Adem\u00e1s, podr\u00e1s organizar reuniones en el club social con amigos y familiares.<\/p>\n<p>El apartamento destaca por su amplio y luminoso sal\u00f3n que se abre a una terraza con vistas espectaculares a las zonas ajardinadas y vistas al mar.<br \/>\nLa cocina est\u00e1 completamente equipada y cuenta con una despensa y generosas zonas de almacenaje, ideal para los amantes de la cocina.<br \/>\nLos dos dormitorios disponen de armarios empotrados y grandes ventanales que permiten la entrada de luz natural.<br \/>\nLa habitaci\u00f3n principal ofrece una zona privada que puedes utilizar como lavander\u00eda o para cualquier otra necesidad.<\/p>\n<p>Este hogar incluye un amplio garaje con trastero, asegurando espacio extra para tus pertenencias. Con calefacci\u00f3n de bomba de fr\u00edo\/calor, aire acondicionado y orientaci\u00f3n este, disfrutar\u00e1s de un ambiente confortable durante todo el a\u00f1o. Situado en la planta 1 de un edificio con ascensor, este piso de segunda mano se encuentra en buen estado y cuenta con una plaza de garaje incluida en el precio.<\/p>\n<p>No pierdas la oportunidad de visitar este maravilloso apartamento con Tuccinmobilairia y enam\u00f3rate al instante.<br \/>\n\u00a1Es el hogar que siempre has so\u00f1ado!<\/p>\n","protected":false},"author":3,"featured_media":4325,"template":"","ciudades":[],"caracteristicas":[25,49,48,61,24,53,64,47,46,128,34,32,57,26,28],"zonas":[21],"tipo-propiedad":[12],"class_list":["post-4324","propiedad","type-propiedad","status-publish","has-post-thumbnail","hentry","caracteristicas-aire-acondicionado","caracteristicas-armarios-empotrados","caracteristicas-calefaccion-individual","caracteristicas-cocina-equipada","caracteristicas-garaje","caracteristicas-jardin","caracteristicas-juegos-infantiles","caracteristicas-muebles","caracteristicas-parking","caracteristicas-piscina-comunitaria","caracteristicas-primera-linea","caracteristicas-suelo-de-terrazo","caracteristicas-terraza","caracteristicas-trastero","caracteristicas-vistas-al-mar","zonas-playa-muchavista","tipo-propiedad-piso"],"yoast_head":"<!-- This site is optimized with the Yoast SEO plugin v27.4 - https:\/\/yoast.com\/product\/yoast-seo-wordpress\/ -->\n<title>Un Oasis frente al mar de Campello - TuccInmobiliaria<\/title>\n<meta name=\"description\" content=\"Especatalular vivienda en residencial en el Campello primera linea de playa con piscina garaje trastero, cercad del TRAM\" \/>\n<meta name=\"robots\" content=\"index, follow, max-snippet:-1, max-image-preview:large, max-video-preview:-1\" \/>\n<link rel=\"canonical\" href=\"https:\/\/tuccinmobiliaria.com\/en\/propiedad\/un-oasis-frente-al-mar-de-campello\/\" \/>\n<meta property=\"og:locale\" content=\"en_US\" \/>\n<meta property=\"og:type\" content=\"article\" \/>\n<meta property=\"og:title\" content=\"Un Oasis frente al mar de Campello - TuccInmobiliaria\" \/>\n<meta property=\"og:description\" content=\"Especatalular vivienda en residencial en el Campello primera linea de playa con piscina garaje trastero, cercad del TRAM\" \/>\n<meta property=\"og:url\" content=\"https:\/\/tuccinmobiliaria.com\/en\/propiedad\/un-oasis-frente-al-mar-de-campello\/\" \/>\n<meta property=\"og:site_name\" content=\"TuccInmobiliaria\" \/>\n<meta property=\"article:publisher\" content=\"https:\/\/www.facebook.com\/isa.jaime.90\" \/>\n<meta property=\"article:modified_time\" content=\"2025-02-13T10:52:05+00:00\" \/>\n<meta property=\"og:image\" content=\"https:\/\/tuccinmobiliaria.com\/wp-content\/uploads\/2025\/02\/IMG_20220512_152800_898-scaled.jpg\" \/>\n\t<meta property=\"og:image:width\" content=\"2560\" \/>\n\t<meta property=\"og:image:height\" content=\"1920\" \/>\n\t<meta property=\"og:image:type\" content=\"image\/jpeg\" \/>\n<meta name=\"twitter:card\" content=\"summary_large_image\" \/>\n<meta name=\"twitter:site\" content=\"@CaboAzulPlaya\" \/>\n<meta name=\"twitter:label1\" content=\"Est. reading time\" \/>\n\t<meta name=\"twitter:data1\" content=\"2 minutes\" \/>\n<script type=\"application\/ld+json\" class=\"yoast-schema-graph\">{\"@context\":\"https:\\\/\\\/schema.org\",\"@graph\":[{\"@type\":\"WebPage\",\"@id\":\"https:\\\/\\\/tuccinmobiliaria.com\\\/en\\\/propiedad\\\/un-oasis-frente-al-mar-de-campello\\\/\",\"url\":\"https:\\\/\\\/tuccinmobiliaria.com\\\/en\\\/propiedad\\\/un-oasis-frente-al-mar-de-campello\\\/\",\"name\":\"Un Oasis frente al mar de Campello - TuccInmobiliaria\",\"isPartOf\":{\"@id\":\"https:\\\/\\\/tuccinmobiliaria.com\\\/en\\\/#website\"},\"primaryImageOfPage\":{\"@id\":\"https:\\\/\\\/tuccinmobiliaria.com\\\/en\\\/propiedad\\\/un-oasis-frente-al-mar-de-campello\\\/#primaryimage\"},\"image\":{\"@id\":\"https:\\\/\\\/tuccinmobiliaria.com\\\/en\\\/propiedad\\\/un-oasis-frente-al-mar-de-campello\\\/#primaryimage\"},\"thumbnailUrl\":\"https:\\\/\\\/tuccinmobiliaria.com\\\/wp-content\\\/uploads\\\/2025\\\/02\\\/IMG_20220512_152800_898-scaled.jpg\",\"datePublished\":\"2025-02-05T10:52:23+00:00\",\"dateModified\":\"2025-02-13T10:52:05+00:00\",\"description\":\"Especatalular vivienda en residencial en el Campello primera linea de playa con piscina garaje trastero, cercad del TRAM\",\"breadcrumb\":{\"@id\":\"https:\\\/\\\/tuccinmobiliaria.com\\\/en\\\/propiedad\\\/un-oasis-frente-al-mar-de-campello\\\/#breadcrumb\"},\"inLanguage\":\"en-US\",\"potentialAction\":[{\"@type\":\"ReadAction\",\"target\":[\"https:\\\/\\\/tuccinmobiliaria.com\\\/en\\\/propiedad\\\/un-oasis-frente-al-mar-de-campello\\\/\"]}]},{\"@type\":\"ImageObject\",\"inLanguage\":\"en-US\",\"@id\":\"https:\\\/\\\/tuccinmobiliaria.com\\\/en\\\/propiedad\\\/un-oasis-frente-al-mar-de-campello\\\/#primaryimage\",\"url\":\"https:\\\/\\\/tuccinmobiliaria.com\\\/wp-content\\\/uploads\\\/2025\\\/02\\\/IMG_20220512_152800_898-scaled.jpg\",\"contentUrl\":\"https:\\\/\\\/tuccinmobiliaria.com\\\/wp-content\\\/uploads\\\/2025\\\/02\\\/IMG_20220512_152800_898-scaled.jpg\",\"width\":2560,\"height\":1920},{\"@type\":\"BreadcrumbList\",\"@id\":\"https:\\\/\\\/tuccinmobiliaria.com\\\/en\\\/propiedad\\\/un-oasis-frente-al-mar-de-campello\\\/#breadcrumb\",\"itemListElement\":[{\"@type\":\"ListItem\",\"position\":1,\"name\":\"Portada\",\"item\":\"https:\\\/\\\/tuccinmobiliaria.com\\\/en\\\/\"},{\"@type\":\"ListItem\",\"position\":2,\"name\":\"Propiedades\",\"item\":\"https:\\\/\\\/tuccinmobiliaria.com\\\/en\\\/propiedad\\\/\"},{\"@type\":\"ListItem\",\"position\":3,\"name\":\"Un Oasis frente al mar de Campello\"}]},{\"@type\":\"WebSite\",\"@id\":\"https:\\\/\\\/tuccinmobiliaria.com\\\/en\\\/#website\",\"url\":\"https:\\\/\\\/tuccinmobiliaria.com\\\/en\\\/\",\"name\":\"TuccInmobiliaria\",\"description\":\"\",\"publisher\":{\"@id\":\"https:\\\/\\\/tuccinmobiliaria.com\\\/en\\\/#organization\"},\"potentialAction\":[{\"@type\":\"SearchAction\",\"target\":{\"@type\":\"EntryPoint\",\"urlTemplate\":\"https:\\\/\\\/tuccinmobiliaria.com\\\/en\\\/?s={search_term_string}\"},\"query-input\":{\"@type\":\"PropertyValueSpecification\",\"valueRequired\":true,\"valueName\":\"search_term_string\"}}],\"inLanguage\":\"en-US\"},{\"@type\":\"Organization\",\"@id\":\"https:\\\/\\\/tuccinmobiliaria.com\\\/en\\\/#organization\",\"name\":\"TuccInmobiliaria\",\"url\":\"https:\\\/\\\/tuccinmobiliaria.com\\\/en\\\/\",\"logo\":{\"@type\":\"ImageObject\",\"inLanguage\":\"en-US\",\"@id\":\"https:\\\/\\\/tuccinmobiliaria.com\\\/en\\\/#\\\/schema\\\/logo\\\/image\\\/\",\"url\":\"https:\\\/\\\/tuccinmobiliaria.com\\\/wp-content\\\/uploads\\\/2023\\\/05\\\/Logotipo_IsabelGranadino_sinfondo.svg\",\"contentUrl\":\"https:\\\/\\\/tuccinmobiliaria.com\\\/wp-content\\\/uploads\\\/2023\\\/05\\\/Logotipo_IsabelGranadino_sinfondo.svg\",\"width\":455,\"height\":329,\"caption\":\"TuccInmobiliaria\"},\"image\":{\"@id\":\"https:\\\/\\\/tuccinmobiliaria.com\\\/en\\\/#\\\/schema\\\/logo\\\/image\\\/\"},\"sameAs\":[\"https:\\\/\\\/www.facebook.com\\\/isa.jaime.90\",\"https:\\\/\\\/x.com\\\/CaboAzulPlaya\",\"https:\\\/\\\/www.instagram.com\\\/cabo_azul\\\/\"]}]}<\/script>\n<!-- \/ Yoast SEO plugin. -->","yoast_head_json":{"title":"Un Oasis frente al mar de Campello - TuccInmobiliaria","description":"Especatalular vivienda en residencial en el Campello primera linea de playa con piscina garaje trastero, cercad del TRAM","robots":{"index":"index","follow":"follow","max-snippet":"max-snippet:-1","max-image-preview":"max-image-preview:large","max-video-preview":"max-video-preview:-1"},"canonical":"https:\/\/tuccinmobiliaria.com\/en\/propiedad\/un-oasis-frente-al-mar-de-campello\/","og_locale":"en_US","og_type":"article","og_title":"Un Oasis frente al mar de Campello - TuccInmobiliaria","og_description":"Especatalular vivienda en residencial en el Campello primera linea de playa con piscina garaje trastero, cercad del TRAM","og_url":"https:\/\/tuccinmobiliaria.com\/en\/propiedad\/un-oasis-frente-al-mar-de-campello\/","og_site_name":"TuccInmobiliaria","article_publisher":"https:\/\/www.facebook.com\/isa.jaime.90","article_modified_time":"2025-02-13T10:52:05+00:00","og_image":[{"width":2560,"height":1920,"url":"https:\/\/tuccinmobiliaria.com\/wp-content\/uploads\/2025\/02\/IMG_20220512_152800_898-scaled.jpg","type":"image\/jpeg"}],"twitter_card":"summary_large_image","twitter_site":"@CaboAzulPlaya","twitter_misc":{"Est. reading time":"2 minutes"},"schema":{"@context":"https:\/\/schema.org","@graph":[{"@type":"WebPage","@id":"https:\/\/tuccinmobiliaria.com\/en\/propiedad\/un-oasis-frente-al-mar-de-campello\/","url":"https:\/\/tuccinmobiliaria.com\/en\/propiedad\/un-oasis-frente-al-mar-de-campello\/","name":"Un Oasis frente al mar de Campello - TuccInmobiliaria","isPartOf":{"@id":"https:\/\/tuccinmobiliaria.com\/en\/#website"},"primaryImageOfPage":{"@id":"https:\/\/tuccinmobiliaria.com\/en\/propiedad\/un-oasis-frente-al-mar-de-campello\/#primaryimage"},"image":{"@id":"https:\/\/tuccinmobiliaria.com\/en\/propiedad\/un-oasis-frente-al-mar-de-campello\/#primaryimage"},"thumbnailUrl":"https:\/\/tuccinmobiliaria.com\/wp-content\/uploads\/2025\/02\/IMG_20220512_152800_898-scaled.jpg","datePublished":"2025-02-05T10:52:23+00:00","dateModified":"2025-02-13T10:52:05+00:00","description":"Especatalular vivienda en residencial en el Campello primera linea de playa con piscina garaje trastero, cercad del TRAM","breadcrumb":{"@id":"https:\/\/tuccinmobiliaria.com\/en\/propiedad\/un-oasis-frente-al-mar-de-campello\/#breadcrumb"},"inLanguage":"en-US","potentialAction":[{"@type":"ReadAction","target":["https:\/\/tuccinmobiliaria.com\/en\/propiedad\/un-oasis-frente-al-mar-de-campello\/"]}]},{"@type":"ImageObject","inLanguage":"en-US","@id":"https:\/\/tuccinmobiliaria.com\/en\/propiedad\/un-oasis-frente-al-mar-de-campello\/#primaryimage","url":"https:\/\/tuccinmobiliaria.com\/wp-content\/uploads\/2025\/02\/IMG_20220512_152800_898-scaled.jpg","contentUrl":"https:\/\/tuccinmobiliaria.com\/wp-content\/uploads\/2025\/02\/IMG_20220512_152800_898-scaled.jpg","width":2560,"height":1920},{"@type":"BreadcrumbList","@id":"https:\/\/tuccinmobiliaria.com\/en\/propiedad\/un-oasis-frente-al-mar-de-campello\/#breadcrumb","itemListElement":[{"@type":"ListItem","position":1,"name":"Portada","item":"https:\/\/tuccinmobiliaria.com\/en\/"},{"@type":"ListItem","position":2,"name":"Propiedades","item":"https:\/\/tuccinmobiliaria.com\/en\/propiedad\/"},{"@type":"ListItem","position":3,"name":"Un Oasis frente al mar de Campello"}]},{"@type":"WebSite","@id":"https:\/\/tuccinmobiliaria.com\/en\/#website","url":"https:\/\/tuccinmobiliaria.com\/en\/","name":"TuccInmobiliaria","description":"","publisher":{"@id":"https:\/\/tuccinmobiliaria.com\/en\/#organization"},"potentialAction":[{"@type":"SearchAction","target":{"@type":"EntryPoint","urlTemplate":"https:\/\/tuccinmobiliaria.com\/en\/?s={search_term_string}"},"query-input":{"@type":"PropertyValueSpecification","valueRequired":true,"valueName":"search_term_string"}}],"inLanguage":"en-US"},{"@type":"Organization","@id":"https:\/\/tuccinmobiliaria.com\/en\/#organization","name":"TuccInmobiliaria","url":"https:\/\/tuccinmobiliaria.com\/en\/","logo":{"@type":"ImageObject","inLanguage":"en-US","@id":"https:\/\/tuccinmobiliaria.com\/en\/#\/schema\/logo\/image\/","url":"https:\/\/tuccinmobiliaria.com\/wp-content\/uploads\/2023\/05\/Logotipo_IsabelGranadino_sinfondo.svg","contentUrl":"https:\/\/tuccinmobiliaria.com\/wp-content\/uploads\/2023\/05\/Logotipo_IsabelGranadino_sinfondo.svg","width":455,"height":329,"caption":"TuccInmobiliaria"},"image":{"@id":"https:\/\/tuccinmobiliaria.com\/en\/#\/schema\/logo\/image\/"},"sameAs":["https:\/\/www.facebook.com\/isa.jaime.90","https:\/\/x.com\/CaboAzulPlaya","https:\/\/www.instagram.com\/cabo_azul\/"]}]}},"_links":{"self":[{"href":"https:\/\/tuccinmobiliaria.com\/en\/wp-json\/wp\/v2\/propiedad\/4324","targetHints":{"allow":["GET"]}}],"collection":[{"href":"https:\/\/tuccinmobiliaria.com\/en\/wp-json\/wp\/v2\/propiedad"}],"about":[{"href":"https:\/\/tuccinmobiliaria.com\/en\/wp-json\/wp\/v2\/types\/propiedad"}],"author":[{"embeddable":true,"href":"https:\/\/tuccinmobiliaria.com\/en\/wp-json\/wp\/v2\/users\/3"}],"version-history":[{"count":1,"href":"https:\/\/tuccinmobiliaria.com\/en\/wp-json\/wp\/v2\/propiedad\/4324\/revisions"}],"predecessor-version":[{"id":4369,"href":"https:\/\/tuccinmobiliaria.com\/en\/wp-json\/wp\/v2\/propiedad\/4324\/revisions\/4369"}],"wp:featuredmedia":[{"embeddable":true,"href":"https:\/\/tuccinmobiliaria.com\/en\/wp-json\/wp\/v2\/media\/4325"}],"wp:attachment":[{"href":"https:\/\/tuccinmobiliaria.com\/en\/wp-json\/wp\/v2\/media?parent=4324"}],"wp:term":[{"taxonomy":"ciudades","embeddable":true,"href":"https:\/\/tuccinmobiliaria.com\/en\/wp-json\/wp\/v2\/ciudades?post=4324"},{"taxonomy":"caracteristicas","embeddable":true,"href":"https:\/\/tuccinmobiliaria.com\/en\/wp-json\/wp\/v2\/caracteristicas?post=4324"},{"taxonomy":"zonas","embeddable":true,"href":"https:\/\/tuccinmobiliaria.com\/en\/wp-json\/wp\/v2\/zonas?post=4324"},{"taxonomy":"tipo-propiedad","embeddable":true,"href":"https:\/\/tuccinmobiliaria.com\/en\/wp-json\/wp\/v2\/tipo-propiedad?post=4324"}],"curies":[{"name":"wp","href":"https:\/\/api.w.org\/{rel}","templated":true}]}}