{"id":4206,"date":"2025-02-05T11:37:53","date_gmt":"2025-02-05T10:37:53","guid":{"rendered":"https:\/\/tuccinmobiliaria.com\/?post_type=propiedad&#038;p=4206"},"modified":"2025-09-13T11:07:12","modified_gmt":"2025-09-13T09:07:12","slug":"espetacular-masia-en-el-corazon-de-la-fuente-roja-de-alicante","status":"publish","type":"propiedad","link":"https:\/\/tuccinmobiliaria.com\/en\/propiedad\/espetacular-masia-en-el-corazon-de-la-fuente-roja-de-alicante\/","title":{"rendered":"Espetacular Masia en el Coraz\u00f3n de la Fuente Roja de Alicante"},"content":{"rendered":"<p>Tuccinmobiliaria quiere presentarles en exclusiva:<\/p>\n<p>Descubre la mas\u00eda de tus sue\u00f1os, ubicada en el coraz\u00f3n de la Fuente Roja, un para\u00edso natural que te ofrece un entorno \u00fanico y privilegiado. Con acceso excelente a la autopista de Valencia y a tan solo 10 minutos del encantador pueblo juguetero de Ibi, esta propiedad es perfecta para quienes buscan tranquilidad sin renunciar a la comodidad.<br \/>\nLa mas\u00eda cuenta con 280 m\u00b2 de vivienda, distribuidos en dos plantas, con espacios di\u00e1fanos que invitan a personalizar cada rinc\u00f3n a tu gusto.<\/p>\n<p>La propiedad, construida en 1982, dispone de 4 dormitorios y 2 ba\u00f1os, adem\u00e1s de una terraza y un balc\u00f3n que ofrecen vistas espectaculares a la zona protegida de 110.000 m\u00b2 que la rodea. Imagina disfrutar del sonido de los \u00e1rboles mientras te relajas en su amplio jard\u00edn o te das un chapuz\u00f3n en la piscina.<br \/>\nAunque requiere reformas, esta mas\u00eda es una oportunidad \u00fanica para crear un hogar acogedor o desarrollar un complejo rural. Incluye plaza de garaje, trastero y una chimenea que a\u00f1ade un toque c\u00e1lido y r\u00fastico al ambiente.<\/p>\n<p> \u00a1No dejes pasar esta oportunidad estaremos encantados de poder ense\u00f1artela!<\/p>\n","protected":false},"author":3,"featured_media":4265,"template":"","ciudades":[153,54],"caracteristicas":[49,58,125,33,61,31,47,23,35,144,57,26,157],"zonas":[176],"tipo-propiedad":[13,56,181,11],"class_list":["post-4206","propiedad","type-propiedad","status-publish","has-post-thumbnail","hentry","ciudades-alcoy","ciudades-ibi","caracteristicas-armarios-empotrados","caracteristicas-balcon","caracteristicas-barbacoa","caracteristicas-chimenea","caracteristicas-cocina-equipada","caracteristicas-jardin-privado","caracteristicas-muebles","caracteristicas-piscina-privada","caracteristicas-sotano","caracteristicas-suelo-ceramico","caracteristicas-terraza","caracteristicas-trastero","caracteristicas-vistas-a-la-montana","zonas-fuente-roja","tipo-propiedad-casa","tipo-propiedad-finca","tipo-propiedad-masia","tipo-propiedad-terreno-rustico"],"yoast_head":"<!-- This site is optimized with the Yoast SEO plugin v27.5 - https:\/\/yoast.com\/product\/yoast-seo-wordpress\/ -->\n<title>Espetacular Masia en el Coraz\u00f3n de la Fuente Roja de Alicante - TuccInmobiliaria<\/title>\n<meta name=\"description\" content=\"Masia en la Fuente Roja de Alicante ideal para casa Rural vistas inmejorables muy accesible a Autovia Alicante Valencia\" \/>\n<meta name=\"robots\" content=\"index, follow, max-snippet:-1, max-image-preview:large, max-video-preview:-1\" \/>\n<link rel=\"canonical\" href=\"https:\/\/tuccinmobiliaria.com\/en\/propiedad\/espetacular-masia-en-el-corazon-de-la-fuente-roja-de-alicante\/\" \/>\n<meta property=\"og:locale\" content=\"en_US\" \/>\n<meta property=\"og:type\" content=\"article\" \/>\n<meta property=\"og:title\" content=\"Espetacular Masia en el Coraz\u00f3n de la Fuente Roja de Alicante - TuccInmobiliaria\" \/>\n<meta property=\"og:description\" content=\"Masia en la Fuente Roja de Alicante ideal para casa Rural vistas inmejorables muy accesible a Autovia Alicante Valencia\" \/>\n<meta property=\"og:url\" content=\"https:\/\/tuccinmobiliaria.com\/en\/propiedad\/espetacular-masia-en-el-corazon-de-la-fuente-roja-de-alicante\/\" \/>\n<meta property=\"og:site_name\" content=\"TuccInmobiliaria\" \/>\n<meta property=\"article:publisher\" content=\"https:\/\/www.facebook.com\/isa.jaime.90\" \/>\n<meta property=\"article:modified_time\" content=\"2025-09-13T09:07:12+00:00\" \/>\n<meta property=\"og:image\" content=\"https:\/\/tuccinmobiliaria.com\/wp-content\/uploads\/2025\/02\/20250115_113748-scaled.jpg\" \/>\n\t<meta property=\"og:image:width\" content=\"2560\" \/>\n\t<meta property=\"og:image:height\" content=\"1920\" \/>\n\t<meta property=\"og:image:type\" content=\"image\/jpeg\" \/>\n<meta name=\"twitter:card\" content=\"summary_large_image\" \/>\n<meta name=\"twitter:site\" content=\"@CaboAzulPlaya\" \/>\n<meta name=\"twitter:label1\" content=\"Est. reading time\" \/>\n\t<meta name=\"twitter:data1\" content=\"2 minutes\" \/>\n<script type=\"application\/ld+json\" class=\"yoast-schema-graph\">{\"@context\":\"https:\\\/\\\/schema.org\",\"@graph\":[{\"@type\":\"WebPage\",\"@id\":\"https:\\\/\\\/tuccinmobiliaria.com\\\/en\\\/propiedad\\\/espetacular-masia-en-el-corazon-de-la-fuente-roja-de-alicante\\\/\",\"url\":\"https:\\\/\\\/tuccinmobiliaria.com\\\/en\\\/propiedad\\\/espetacular-masia-en-el-corazon-de-la-fuente-roja-de-alicante\\\/\",\"name\":\"Espetacular Masia en el Coraz\u00f3n de la Fuente Roja de Alicante - TuccInmobiliaria\",\"isPartOf\":{\"@id\":\"https:\\\/\\\/tuccinmobiliaria.com\\\/en\\\/#website\"},\"primaryImageOfPage\":{\"@id\":\"https:\\\/\\\/tuccinmobiliaria.com\\\/en\\\/propiedad\\\/espetacular-masia-en-el-corazon-de-la-fuente-roja-de-alicante\\\/#primaryimage\"},\"image\":{\"@id\":\"https:\\\/\\\/tuccinmobiliaria.com\\\/en\\\/propiedad\\\/espetacular-masia-en-el-corazon-de-la-fuente-roja-de-alicante\\\/#primaryimage\"},\"thumbnailUrl\":\"https:\\\/\\\/tuccinmobiliaria.com\\\/wp-content\\\/uploads\\\/2025\\\/02\\\/20250115_113748-scaled.jpg\",\"datePublished\":\"2025-02-05T10:37:53+00:00\",\"dateModified\":\"2025-09-13T09:07:12+00:00\",\"description\":\"Masia en la Fuente Roja de Alicante ideal para casa Rural vistas inmejorables muy accesible a Autovia Alicante Valencia\",\"breadcrumb\":{\"@id\":\"https:\\\/\\\/tuccinmobiliaria.com\\\/en\\\/propiedad\\\/espetacular-masia-en-el-corazon-de-la-fuente-roja-de-alicante\\\/#breadcrumb\"},\"inLanguage\":\"en-US\",\"potentialAction\":[{\"@type\":\"ReadAction\",\"target\":[\"https:\\\/\\\/tuccinmobiliaria.com\\\/en\\\/propiedad\\\/espetacular-masia-en-el-corazon-de-la-fuente-roja-de-alicante\\\/\"]}]},{\"@type\":\"ImageObject\",\"inLanguage\":\"en-US\",\"@id\":\"https:\\\/\\\/tuccinmobiliaria.com\\\/en\\\/propiedad\\\/espetacular-masia-en-el-corazon-de-la-fuente-roja-de-alicante\\\/#primaryimage\",\"url\":\"https:\\\/\\\/tuccinmobiliaria.com\\\/wp-content\\\/uploads\\\/2025\\\/02\\\/20250115_113748-scaled.jpg\",\"contentUrl\":\"https:\\\/\\\/tuccinmobiliaria.com\\\/wp-content\\\/uploads\\\/2025\\\/02\\\/20250115_113748-scaled.jpg\",\"width\":2560,\"height\":1920},{\"@type\":\"BreadcrumbList\",\"@id\":\"https:\\\/\\\/tuccinmobiliaria.com\\\/en\\\/propiedad\\\/espetacular-masia-en-el-corazon-de-la-fuente-roja-de-alicante\\\/#breadcrumb\",\"itemListElement\":[{\"@type\":\"ListItem\",\"position\":1,\"name\":\"Portada\",\"item\":\"https:\\\/\\\/tuccinmobiliaria.com\\\/en\\\/\"},{\"@type\":\"ListItem\",\"position\":2,\"name\":\"Propiedades\",\"item\":\"https:\\\/\\\/tuccinmobiliaria.com\\\/en\\\/propiedad\\\/\"},{\"@type\":\"ListItem\",\"position\":3,\"name\":\"Espetacular Masia en el Coraz\u00f3n de la Fuente Roja de Alicante\"}]},{\"@type\":\"WebSite\",\"@id\":\"https:\\\/\\\/tuccinmobiliaria.com\\\/en\\\/#website\",\"url\":\"https:\\\/\\\/tuccinmobiliaria.com\\\/en\\\/\",\"name\":\"TuccInmobiliaria\",\"description\":\"\",\"publisher\":{\"@id\":\"https:\\\/\\\/tuccinmobiliaria.com\\\/en\\\/#organization\"},\"potentialAction\":[{\"@type\":\"SearchAction\",\"target\":{\"@type\":\"EntryPoint\",\"urlTemplate\":\"https:\\\/\\\/tuccinmobiliaria.com\\\/en\\\/?s={search_term_string}\"},\"query-input\":{\"@type\":\"PropertyValueSpecification\",\"valueRequired\":true,\"valueName\":\"search_term_string\"}}],\"inLanguage\":\"en-US\"},{\"@type\":\"Organization\",\"@id\":\"https:\\\/\\\/tuccinmobiliaria.com\\\/en\\\/#organization\",\"name\":\"TuccInmobiliaria\",\"url\":\"https:\\\/\\\/tuccinmobiliaria.com\\\/en\\\/\",\"logo\":{\"@type\":\"ImageObject\",\"inLanguage\":\"en-US\",\"@id\":\"https:\\\/\\\/tuccinmobiliaria.com\\\/en\\\/#\\\/schema\\\/logo\\\/image\\\/\",\"url\":\"https:\\\/\\\/tuccinmobiliaria.com\\\/wp-content\\\/uploads\\\/2023\\\/05\\\/Logotipo_IsabelGranadino_sinfondo.svg\",\"contentUrl\":\"https:\\\/\\\/tuccinmobiliaria.com\\\/wp-content\\\/uploads\\\/2023\\\/05\\\/Logotipo_IsabelGranadino_sinfondo.svg\",\"width\":455,\"height\":329,\"caption\":\"TuccInmobiliaria\"},\"image\":{\"@id\":\"https:\\\/\\\/tuccinmobiliaria.com\\\/en\\\/#\\\/schema\\\/logo\\\/image\\\/\"},\"sameAs\":[\"https:\\\/\\\/www.facebook.com\\\/isa.jaime.90\",\"https:\\\/\\\/x.com\\\/CaboAzulPlaya\",\"https:\\\/\\\/www.instagram.com\\\/cabo_azul\\\/\"]}]}<\/script>\n<!-- \/ Yoast SEO plugin. -->","yoast_head_json":{"title":"Espetacular Masia en el Coraz\u00f3n de la Fuente Roja de Alicante - TuccInmobiliaria","description":"Masia en la Fuente Roja de Alicante ideal para casa Rural vistas inmejorables muy accesible a Autovia Alicante Valencia","robots":{"index":"index","follow":"follow","max-snippet":"max-snippet:-1","max-image-preview":"max-image-preview:large","max-video-preview":"max-video-preview:-1"},"canonical":"https:\/\/tuccinmobiliaria.com\/en\/propiedad\/espetacular-masia-en-el-corazon-de-la-fuente-roja-de-alicante\/","og_locale":"en_US","og_type":"article","og_title":"Espetacular Masia en el Coraz\u00f3n de la Fuente Roja de Alicante - TuccInmobiliaria","og_description":"Masia en la Fuente Roja de Alicante ideal para casa Rural vistas inmejorables muy accesible a Autovia Alicante Valencia","og_url":"https:\/\/tuccinmobiliaria.com\/en\/propiedad\/espetacular-masia-en-el-corazon-de-la-fuente-roja-de-alicante\/","og_site_name":"TuccInmobiliaria","article_publisher":"https:\/\/www.facebook.com\/isa.jaime.90","article_modified_time":"2025-09-13T09:07:12+00:00","og_image":[{"width":2560,"height":1920,"url":"https:\/\/tuccinmobiliaria.com\/wp-content\/uploads\/2025\/02\/20250115_113748-scaled.jpg","type":"image\/jpeg"}],"twitter_card":"summary_large_image","twitter_site":"@CaboAzulPlaya","twitter_misc":{"Est. reading time":"2 minutes"},"schema":{"@context":"https:\/\/schema.org","@graph":[{"@type":"WebPage","@id":"https:\/\/tuccinmobiliaria.com\/en\/propiedad\/espetacular-masia-en-el-corazon-de-la-fuente-roja-de-alicante\/","url":"https:\/\/tuccinmobiliaria.com\/en\/propiedad\/espetacular-masia-en-el-corazon-de-la-fuente-roja-de-alicante\/","name":"Espetacular Masia en el Coraz\u00f3n de la Fuente Roja de Alicante - TuccInmobiliaria","isPartOf":{"@id":"https:\/\/tuccinmobiliaria.com\/en\/#website"},"primaryImageOfPage":{"@id":"https:\/\/tuccinmobiliaria.com\/en\/propiedad\/espetacular-masia-en-el-corazon-de-la-fuente-roja-de-alicante\/#primaryimage"},"image":{"@id":"https:\/\/tuccinmobiliaria.com\/en\/propiedad\/espetacular-masia-en-el-corazon-de-la-fuente-roja-de-alicante\/#primaryimage"},"thumbnailUrl":"https:\/\/tuccinmobiliaria.com\/wp-content\/uploads\/2025\/02\/20250115_113748-scaled.jpg","datePublished":"2025-02-05T10:37:53+00:00","dateModified":"2025-09-13T09:07:12+00:00","description":"Masia en la Fuente Roja de Alicante ideal para casa Rural vistas inmejorables muy accesible a Autovia Alicante Valencia","breadcrumb":{"@id":"https:\/\/tuccinmobiliaria.com\/en\/propiedad\/espetacular-masia-en-el-corazon-de-la-fuente-roja-de-alicante\/#breadcrumb"},"inLanguage":"en-US","potentialAction":[{"@type":"ReadAction","target":["https:\/\/tuccinmobiliaria.com\/en\/propiedad\/espetacular-masia-en-el-corazon-de-la-fuente-roja-de-alicante\/"]}]},{"@type":"ImageObject","inLanguage":"en-US","@id":"https:\/\/tuccinmobiliaria.com\/en\/propiedad\/espetacular-masia-en-el-corazon-de-la-fuente-roja-de-alicante\/#primaryimage","url":"https:\/\/tuccinmobiliaria.com\/wp-content\/uploads\/2025\/02\/20250115_113748-scaled.jpg","contentUrl":"https:\/\/tuccinmobiliaria.com\/wp-content\/uploads\/2025\/02\/20250115_113748-scaled.jpg","width":2560,"height":1920},{"@type":"BreadcrumbList","@id":"https:\/\/tuccinmobiliaria.com\/en\/propiedad\/espetacular-masia-en-el-corazon-de-la-fuente-roja-de-alicante\/#breadcrumb","itemListElement":[{"@type":"ListItem","position":1,"name":"Portada","item":"https:\/\/tuccinmobiliaria.com\/en\/"},{"@type":"ListItem","position":2,"name":"Propiedades","item":"https:\/\/tuccinmobiliaria.com\/en\/propiedad\/"},{"@type":"ListItem","position":3,"name":"Espetacular Masia en el Coraz\u00f3n de la Fuente Roja de Alicante"}]},{"@type":"WebSite","@id":"https:\/\/tuccinmobiliaria.com\/en\/#website","url":"https:\/\/tuccinmobiliaria.com\/en\/","name":"TuccInmobiliaria","description":"","publisher":{"@id":"https:\/\/tuccinmobiliaria.com\/en\/#organization"},"potentialAction":[{"@type":"SearchAction","target":{"@type":"EntryPoint","urlTemplate":"https:\/\/tuccinmobiliaria.com\/en\/?s={search_term_string}"},"query-input":{"@type":"PropertyValueSpecification","valueRequired":true,"valueName":"search_term_string"}}],"inLanguage":"en-US"},{"@type":"Organization","@id":"https:\/\/tuccinmobiliaria.com\/en\/#organization","name":"TuccInmobiliaria","url":"https:\/\/tuccinmobiliaria.com\/en\/","logo":{"@type":"ImageObject","inLanguage":"en-US","@id":"https:\/\/tuccinmobiliaria.com\/en\/#\/schema\/logo\/image\/","url":"https:\/\/tuccinmobiliaria.com\/wp-content\/uploads\/2023\/05\/Logotipo_IsabelGranadino_sinfondo.svg","contentUrl":"https:\/\/tuccinmobiliaria.com\/wp-content\/uploads\/2023\/05\/Logotipo_IsabelGranadino_sinfondo.svg","width":455,"height":329,"caption":"TuccInmobiliaria"},"image":{"@id":"https:\/\/tuccinmobiliaria.com\/en\/#\/schema\/logo\/image\/"},"sameAs":["https:\/\/www.facebook.com\/isa.jaime.90","https:\/\/x.com\/CaboAzulPlaya","https:\/\/www.instagram.com\/cabo_azul\/"]}]}},"_links":{"self":[{"href":"https:\/\/tuccinmobiliaria.com\/en\/wp-json\/wp\/v2\/propiedad\/4206","targetHints":{"allow":["GET"]}}],"collection":[{"href":"https:\/\/tuccinmobiliaria.com\/en\/wp-json\/wp\/v2\/propiedad"}],"about":[{"href":"https:\/\/tuccinmobiliaria.com\/en\/wp-json\/wp\/v2\/types\/propiedad"}],"author":[{"embeddable":true,"href":"https:\/\/tuccinmobiliaria.com\/en\/wp-json\/wp\/v2\/users\/3"}],"version-history":[{"count":1,"href":"https:\/\/tuccinmobiliaria.com\/en\/wp-json\/wp\/v2\/propiedad\/4206\/revisions"}],"predecessor-version":[{"id":4323,"href":"https:\/\/tuccinmobiliaria.com\/en\/wp-json\/wp\/v2\/propiedad\/4206\/revisions\/4323"}],"wp:featuredmedia":[{"embeddable":true,"href":"https:\/\/tuccinmobiliaria.com\/en\/wp-json\/wp\/v2\/media\/4265"}],"wp:attachment":[{"href":"https:\/\/tuccinmobiliaria.com\/en\/wp-json\/wp\/v2\/media?parent=4206"}],"wp:term":[{"taxonomy":"ciudades","embeddable":true,"href":"https:\/\/tuccinmobiliaria.com\/en\/wp-json\/wp\/v2\/ciudades?post=4206"},{"taxonomy":"caracteristicas","embeddable":true,"href":"https:\/\/tuccinmobiliaria.com\/en\/wp-json\/wp\/v2\/caracteristicas?post=4206"},{"taxonomy":"zonas","embeddable":true,"href":"https:\/\/tuccinmobiliaria.com\/en\/wp-json\/wp\/v2\/zonas?post=4206"},{"taxonomy":"tipo-propiedad","embeddable":true,"href":"https:\/\/tuccinmobiliaria.com\/en\/wp-json\/wp\/v2\/tipo-propiedad?post=4206"}],"curies":[{"name":"wp","href":"https:\/\/api.w.org\/{rel}","templated":true}]}}