{"id":1264,"date":"2023-06-12T06:37:10","date_gmt":"2023-06-12T06:37:10","guid":{"rendered":"https:\/\/tuccinmobiliaria.com\/?post_type=propiedad&#038;p=1264"},"modified":"2023-11-14T16:25:07","modified_gmt":"2023-11-14T15:25:07","slug":"precioso-piso-situado-en-un-enclave-excepcional","status":"publish","type":"propiedad","link":"https:\/\/tuccinmobiliaria.com\/en\/propiedad\/precioso-piso-situado-en-un-enclave-excepcional\/","title":{"rendered":"Precioso piso situado en un enclave excepcional"},"content":{"rendered":"\r\n<p>Zona muy bien comunicada, parada de autob\u00fas en la misma puerta de la urbanizaci\u00f3n, parada de TRAM a 400m, centro de salud, peque\u00f1o supermercado y calas naturales a tan s\u00f3lo 500 metros.<\/p>\r\n\r\n\r\n\r\n<p><br \/>Urbanizaci\u00f3n muy tranquila, con piscinas, zonas ajardinadas, pista de tenis, gimnasio con saunas individuales y vestuarios, pista de f\u00fatbol y basket y una bonita zona infantil, para que los ni\u00f1os\/as puedan jugar tranquilamente ya que el residencial est\u00e1 totalmente cerrado a la circulaci\u00f3n de veh\u00edculos.<\/p>\r\n\r\n\r\n\r\n<p>El piso dispone de un amplio y luminoso sal\u00f3n con grand\u00edsima terraza, donde podr\u00e1s disfrutar de excelentes lunchs con amigos y familiares.<\/p>\r\n\r\n\r\n\r\n<p><br \/>Dormitorio principal con armarios empotrados, segundo dormitorio sencillo.<\/p>\r\n\r\n\r\n\r\n<p><br \/>Cocina totalmente equipada con electrodom\u00e9sticos y una amplia galer\u00eda. A\/A inverter centralizado por todo el piso.<\/p>\r\n\r\n\r\n\r\n<p><br \/>Puertas de pino, suelo cer\u00e1mico y ventanas climalit.<\/p>\r\n\r\n\r\n\r\n<p>Plaza de parking incluida\u00a0<\/p>\r\n","protected":false},"author":1,"featured_media":1286,"template":"","ciudades":[22],"caracteristicas":[25,49,48,33,30,24,31,47,23,35,32,27,26],"zonas":[50],"tipo-propiedad":[12],"class_list":["post-1264","propiedad","type-propiedad","status-publish","has-post-thumbnail","hentry","ciudades-el-campello","caracteristicas-aire-acondicionado","caracteristicas-armarios-empotrados","caracteristicas-calefaccion-individual","caracteristicas-chimenea","caracteristicas-cocina-individual","caracteristicas-garaje","caracteristicas-jardin-privado","caracteristicas-muebles","caracteristicas-piscina-privada","caracteristicas-sotano","caracteristicas-suelo-de-terrazo","caracteristicas-terraza-acristalada","caracteristicas-trastero","zonas-cala-lanuza","tipo-propiedad-piso"],"yoast_head":"<!-- This site is optimized with the Yoast SEO plugin v27.5 - https:\/\/yoast.com\/product\/yoast-seo-wordpress\/ -->\n<title>Precioso piso situado en un enclave excepcional - TuccInmobiliaria<\/title>\n<meta name=\"robots\" content=\"index, follow, max-snippet:-1, max-image-preview:large, max-video-preview:-1\" \/>\n<link rel=\"canonical\" href=\"https:\/\/tuccinmobiliaria.com\/en\/propiedad\/precioso-piso-situado-en-un-enclave-excepcional\/\" \/>\n<meta property=\"og:locale\" content=\"en_US\" \/>\n<meta property=\"og:type\" content=\"article\" \/>\n<meta property=\"og:title\" content=\"Precioso piso situado en un enclave excepcional - TuccInmobiliaria\" \/>\n<meta property=\"og:description\" content=\"Zona muy bien comunicada, parada de autob\u00fas en la misma puerta de la urbanizaci\u00f3n, parada de TRAM a 400m, centro de salud, peque\u00f1o supermercado y calas naturales a tan s\u00f3lo 500 metros. Urbanizaci\u00f3n muy tranquila, con piscinas, zonas ajardinadas, pista de tenis, gimnasio con saunas individuales y vestuarios, pista de f\u00fatbol y basket y una [&hellip;]\" \/>\n<meta property=\"og:url\" content=\"https:\/\/tuccinmobiliaria.com\/en\/propiedad\/precioso-piso-situado-en-un-enclave-excepcional\/\" \/>\n<meta property=\"og:site_name\" content=\"TuccInmobiliaria\" \/>\n<meta property=\"article:publisher\" content=\"https:\/\/www.facebook.com\/isa.jaime.90\" \/>\n<meta property=\"article:modified_time\" content=\"2023-11-14T15:25:07+00:00\" \/>\n<meta property=\"og:image\" content=\"https:\/\/tuccinmobiliaria.com\/wp-content\/uploads\/2023\/06\/precioso_piso_cala_lanuza_campello_17.jpeg\" \/>\n\t<meta property=\"og:image:width\" content=\"2016\" \/>\n\t<meta property=\"og:image:height\" content=\"1508\" \/>\n\t<meta property=\"og:image:type\" content=\"image\/jpeg\" \/>\n<meta name=\"twitter:card\" content=\"summary_large_image\" \/>\n<meta name=\"twitter:site\" content=\"@CaboAzulPlaya\" \/>\n<meta name=\"twitter:label1\" content=\"Est. reading time\" \/>\n\t<meta name=\"twitter:data1\" content=\"1 minute\" \/>\n<script type=\"application\/ld+json\" class=\"yoast-schema-graph\">{\"@context\":\"https:\\\/\\\/schema.org\",\"@graph\":[{\"@type\":\"WebPage\",\"@id\":\"https:\\\/\\\/tuccinmobiliaria.com\\\/en\\\/propiedad\\\/precioso-piso-situado-en-un-enclave-excepcional\\\/\",\"url\":\"https:\\\/\\\/tuccinmobiliaria.com\\\/en\\\/propiedad\\\/precioso-piso-situado-en-un-enclave-excepcional\\\/\",\"name\":\"Precioso piso situado en un enclave excepcional - TuccInmobiliaria\",\"isPartOf\":{\"@id\":\"https:\\\/\\\/tuccinmobiliaria.com\\\/en\\\/#website\"},\"primaryImageOfPage\":{\"@id\":\"https:\\\/\\\/tuccinmobiliaria.com\\\/en\\\/propiedad\\\/precioso-piso-situado-en-un-enclave-excepcional\\\/#primaryimage\"},\"image\":{\"@id\":\"https:\\\/\\\/tuccinmobiliaria.com\\\/en\\\/propiedad\\\/precioso-piso-situado-en-un-enclave-excepcional\\\/#primaryimage\"},\"thumbnailUrl\":\"https:\\\/\\\/tuccinmobiliaria.com\\\/wp-content\\\/uploads\\\/2023\\\/06\\\/precioso_piso_cala_lanuza_campello_17.jpeg\",\"datePublished\":\"2023-06-12T06:37:10+00:00\",\"dateModified\":\"2023-11-14T15:25:07+00:00\",\"breadcrumb\":{\"@id\":\"https:\\\/\\\/tuccinmobiliaria.com\\\/en\\\/propiedad\\\/precioso-piso-situado-en-un-enclave-excepcional\\\/#breadcrumb\"},\"inLanguage\":\"en-US\",\"potentialAction\":[{\"@type\":\"ReadAction\",\"target\":[\"https:\\\/\\\/tuccinmobiliaria.com\\\/en\\\/propiedad\\\/precioso-piso-situado-en-un-enclave-excepcional\\\/\"]}]},{\"@type\":\"ImageObject\",\"inLanguage\":\"en-US\",\"@id\":\"https:\\\/\\\/tuccinmobiliaria.com\\\/en\\\/propiedad\\\/precioso-piso-situado-en-un-enclave-excepcional\\\/#primaryimage\",\"url\":\"https:\\\/\\\/tuccinmobiliaria.com\\\/wp-content\\\/uploads\\\/2023\\\/06\\\/precioso_piso_cala_lanuza_campello_17.jpeg\",\"contentUrl\":\"https:\\\/\\\/tuccinmobiliaria.com\\\/wp-content\\\/uploads\\\/2023\\\/06\\\/precioso_piso_cala_lanuza_campello_17.jpeg\",\"width\":2016,\"height\":1508},{\"@type\":\"BreadcrumbList\",\"@id\":\"https:\\\/\\\/tuccinmobiliaria.com\\\/en\\\/propiedad\\\/precioso-piso-situado-en-un-enclave-excepcional\\\/#breadcrumb\",\"itemListElement\":[{\"@type\":\"ListItem\",\"position\":1,\"name\":\"Portada\",\"item\":\"https:\\\/\\\/tuccinmobiliaria.com\\\/en\\\/\"},{\"@type\":\"ListItem\",\"position\":2,\"name\":\"Propiedades\",\"item\":\"https:\\\/\\\/tuccinmobiliaria.com\\\/en\\\/propiedad\\\/\"},{\"@type\":\"ListItem\",\"position\":3,\"name\":\"Precioso piso situado en un enclave excepcional\"}]},{\"@type\":\"WebSite\",\"@id\":\"https:\\\/\\\/tuccinmobiliaria.com\\\/en\\\/#website\",\"url\":\"https:\\\/\\\/tuccinmobiliaria.com\\\/en\\\/\",\"name\":\"TuccInmobiliaria\",\"description\":\"\",\"publisher\":{\"@id\":\"https:\\\/\\\/tuccinmobiliaria.com\\\/en\\\/#organization\"},\"potentialAction\":[{\"@type\":\"SearchAction\",\"target\":{\"@type\":\"EntryPoint\",\"urlTemplate\":\"https:\\\/\\\/tuccinmobiliaria.com\\\/en\\\/?s={search_term_string}\"},\"query-input\":{\"@type\":\"PropertyValueSpecification\",\"valueRequired\":true,\"valueName\":\"search_term_string\"}}],\"inLanguage\":\"en-US\"},{\"@type\":\"Organization\",\"@id\":\"https:\\\/\\\/tuccinmobiliaria.com\\\/en\\\/#organization\",\"name\":\"TuccInmobiliaria\",\"url\":\"https:\\\/\\\/tuccinmobiliaria.com\\\/en\\\/\",\"logo\":{\"@type\":\"ImageObject\",\"inLanguage\":\"en-US\",\"@id\":\"https:\\\/\\\/tuccinmobiliaria.com\\\/en\\\/#\\\/schema\\\/logo\\\/image\\\/\",\"url\":\"https:\\\/\\\/tuccinmobiliaria.com\\\/wp-content\\\/uploads\\\/2023\\\/05\\\/Logotipo_IsabelGranadino_sinfondo.svg\",\"contentUrl\":\"https:\\\/\\\/tuccinmobiliaria.com\\\/wp-content\\\/uploads\\\/2023\\\/05\\\/Logotipo_IsabelGranadino_sinfondo.svg\",\"width\":455,\"height\":329,\"caption\":\"TuccInmobiliaria\"},\"image\":{\"@id\":\"https:\\\/\\\/tuccinmobiliaria.com\\\/en\\\/#\\\/schema\\\/logo\\\/image\\\/\"},\"sameAs\":[\"https:\\\/\\\/www.facebook.com\\\/isa.jaime.90\",\"https:\\\/\\\/x.com\\\/CaboAzulPlaya\",\"https:\\\/\\\/www.instagram.com\\\/cabo_azul\\\/\"]}]}<\/script>\n<!-- \/ Yoast SEO plugin. -->","yoast_head_json":{"title":"Precioso piso situado en un enclave excepcional - TuccInmobiliaria","robots":{"index":"index","follow":"follow","max-snippet":"max-snippet:-1","max-image-preview":"max-image-preview:large","max-video-preview":"max-video-preview:-1"},"canonical":"https:\/\/tuccinmobiliaria.com\/en\/propiedad\/precioso-piso-situado-en-un-enclave-excepcional\/","og_locale":"en_US","og_type":"article","og_title":"Precioso piso situado en un enclave excepcional - TuccInmobiliaria","og_description":"Zona muy bien comunicada, parada de autob\u00fas en la misma puerta de la urbanizaci\u00f3n, parada de TRAM a 400m, centro de salud, peque\u00f1o supermercado y calas naturales a tan s\u00f3lo 500 metros. Urbanizaci\u00f3n muy tranquila, con piscinas, zonas ajardinadas, pista de tenis, gimnasio con saunas individuales y vestuarios, pista de f\u00fatbol y basket y una [&hellip;]","og_url":"https:\/\/tuccinmobiliaria.com\/en\/propiedad\/precioso-piso-situado-en-un-enclave-excepcional\/","og_site_name":"TuccInmobiliaria","article_publisher":"https:\/\/www.facebook.com\/isa.jaime.90","article_modified_time":"2023-11-14T15:25:07+00:00","og_image":[{"width":2016,"height":1508,"url":"https:\/\/tuccinmobiliaria.com\/wp-content\/uploads\/2023\/06\/precioso_piso_cala_lanuza_campello_17.jpeg","type":"image\/jpeg"}],"twitter_card":"summary_large_image","twitter_site":"@CaboAzulPlaya","twitter_misc":{"Est. reading time":"1 minute"},"schema":{"@context":"https:\/\/schema.org","@graph":[{"@type":"WebPage","@id":"https:\/\/tuccinmobiliaria.com\/en\/propiedad\/precioso-piso-situado-en-un-enclave-excepcional\/","url":"https:\/\/tuccinmobiliaria.com\/en\/propiedad\/precioso-piso-situado-en-un-enclave-excepcional\/","name":"Precioso piso situado en un enclave excepcional - TuccInmobiliaria","isPartOf":{"@id":"https:\/\/tuccinmobiliaria.com\/en\/#website"},"primaryImageOfPage":{"@id":"https:\/\/tuccinmobiliaria.com\/en\/propiedad\/precioso-piso-situado-en-un-enclave-excepcional\/#primaryimage"},"image":{"@id":"https:\/\/tuccinmobiliaria.com\/en\/propiedad\/precioso-piso-situado-en-un-enclave-excepcional\/#primaryimage"},"thumbnailUrl":"https:\/\/tuccinmobiliaria.com\/wp-content\/uploads\/2023\/06\/precioso_piso_cala_lanuza_campello_17.jpeg","datePublished":"2023-06-12T06:37:10+00:00","dateModified":"2023-11-14T15:25:07+00:00","breadcrumb":{"@id":"https:\/\/tuccinmobiliaria.com\/en\/propiedad\/precioso-piso-situado-en-un-enclave-excepcional\/#breadcrumb"},"inLanguage":"en-US","potentialAction":[{"@type":"ReadAction","target":["https:\/\/tuccinmobiliaria.com\/en\/propiedad\/precioso-piso-situado-en-un-enclave-excepcional\/"]}]},{"@type":"ImageObject","inLanguage":"en-US","@id":"https:\/\/tuccinmobiliaria.com\/en\/propiedad\/precioso-piso-situado-en-un-enclave-excepcional\/#primaryimage","url":"https:\/\/tuccinmobiliaria.com\/wp-content\/uploads\/2023\/06\/precioso_piso_cala_lanuza_campello_17.jpeg","contentUrl":"https:\/\/tuccinmobiliaria.com\/wp-content\/uploads\/2023\/06\/precioso_piso_cala_lanuza_campello_17.jpeg","width":2016,"height":1508},{"@type":"BreadcrumbList","@id":"https:\/\/tuccinmobiliaria.com\/en\/propiedad\/precioso-piso-situado-en-un-enclave-excepcional\/#breadcrumb","itemListElement":[{"@type":"ListItem","position":1,"name":"Portada","item":"https:\/\/tuccinmobiliaria.com\/en\/"},{"@type":"ListItem","position":2,"name":"Propiedades","item":"https:\/\/tuccinmobiliaria.com\/en\/propiedad\/"},{"@type":"ListItem","position":3,"name":"Precioso piso situado en un enclave excepcional"}]},{"@type":"WebSite","@id":"https:\/\/tuccinmobiliaria.com\/en\/#website","url":"https:\/\/tuccinmobiliaria.com\/en\/","name":"TuccInmobiliaria","description":"","publisher":{"@id":"https:\/\/tuccinmobiliaria.com\/en\/#organization"},"potentialAction":[{"@type":"SearchAction","target":{"@type":"EntryPoint","urlTemplate":"https:\/\/tuccinmobiliaria.com\/en\/?s={search_term_string}"},"query-input":{"@type":"PropertyValueSpecification","valueRequired":true,"valueName":"search_term_string"}}],"inLanguage":"en-US"},{"@type":"Organization","@id":"https:\/\/tuccinmobiliaria.com\/en\/#organization","name":"TuccInmobiliaria","url":"https:\/\/tuccinmobiliaria.com\/en\/","logo":{"@type":"ImageObject","inLanguage":"en-US","@id":"https:\/\/tuccinmobiliaria.com\/en\/#\/schema\/logo\/image\/","url":"https:\/\/tuccinmobiliaria.com\/wp-content\/uploads\/2023\/05\/Logotipo_IsabelGranadino_sinfondo.svg","contentUrl":"https:\/\/tuccinmobiliaria.com\/wp-content\/uploads\/2023\/05\/Logotipo_IsabelGranadino_sinfondo.svg","width":455,"height":329,"caption":"TuccInmobiliaria"},"image":{"@id":"https:\/\/tuccinmobiliaria.com\/en\/#\/schema\/logo\/image\/"},"sameAs":["https:\/\/www.facebook.com\/isa.jaime.90","https:\/\/x.com\/CaboAzulPlaya","https:\/\/www.instagram.com\/cabo_azul\/"]}]}},"_links":{"self":[{"href":"https:\/\/tuccinmobiliaria.com\/en\/wp-json\/wp\/v2\/propiedad\/1264","targetHints":{"allow":["GET"]}}],"collection":[{"href":"https:\/\/tuccinmobiliaria.com\/en\/wp-json\/wp\/v2\/propiedad"}],"about":[{"href":"https:\/\/tuccinmobiliaria.com\/en\/wp-json\/wp\/v2\/types\/propiedad"}],"author":[{"embeddable":true,"href":"https:\/\/tuccinmobiliaria.com\/en\/wp-json\/wp\/v2\/users\/1"}],"version-history":[{"count":3,"href":"https:\/\/tuccinmobiliaria.com\/en\/wp-json\/wp\/v2\/propiedad\/1264\/revisions"}],"predecessor-version":[{"id":2666,"href":"https:\/\/tuccinmobiliaria.com\/en\/wp-json\/wp\/v2\/propiedad\/1264\/revisions\/2666"}],"wp:featuredmedia":[{"embeddable":true,"href":"https:\/\/tuccinmobiliaria.com\/en\/wp-json\/wp\/v2\/media\/1286"}],"wp:attachment":[{"href":"https:\/\/tuccinmobiliaria.com\/en\/wp-json\/wp\/v2\/media?parent=1264"}],"wp:term":[{"taxonomy":"ciudades","embeddable":true,"href":"https:\/\/tuccinmobiliaria.com\/en\/wp-json\/wp\/v2\/ciudades?post=1264"},{"taxonomy":"caracteristicas","embeddable":true,"href":"https:\/\/tuccinmobiliaria.com\/en\/wp-json\/wp\/v2\/caracteristicas?post=1264"},{"taxonomy":"zonas","embeddable":true,"href":"https:\/\/tuccinmobiliaria.com\/en\/wp-json\/wp\/v2\/zonas?post=1264"},{"taxonomy":"tipo-propiedad","embeddable":true,"href":"https:\/\/tuccinmobiliaria.com\/en\/wp-json\/wp\/v2\/tipo-propiedad?post=1264"}],"curies":[{"name":"wp","href":"https:\/\/api.w.org\/{rel}","templated":true}]}}